{"id":3171,"date":"2022-07-16T08:01:53","date_gmt":"2022-07-16T05:01:53","guid":{"rendered":"https:\/\/espoonperinneseura.net\/espoo1972\/?page_id=3171"},"modified":"2022-08-20T19:35:10","modified_gmt":"2022-08-20T16:35:10","slug":"koulutus-espoossa-2010-luvulla","status":"publish","type":"page","link":"https:\/\/espoonperinneseura.net\/espoo1972\/koulutus-espoossa-2010-luvulla\/","title":{"rendered":"Koulutus Espoossa 2010-luvulla"},"content":{"rendered":"<!-- Added by Post\/Page Specific Custom Code plugin, thank you for using! -->\n<style>.entry-title,  .entry-header {\r\n\tdisplay: none;\r\n}<\/style>\n<h5>Koulutuksen kehittyminen Espoossa\u00a0\u00a0\u00a0\u00a0\u00a0\u00a0\u00a0\u00a0<a href=\"https:\/\/espoonperinneseura.net\/espoo1972\/koulutus-espoossa-1970-2020\/\">Kansisivulle<\/a><\/h5>\r\n\r\n<div style=\"margin: auto;\">\r\n<div class=\"btn\"><a class=\"btn-text\" style=\"color: #000;\" href=\"https:\/\/espoonperinneseura.net\/espoo1972\/koulutus-espoossa-1970-luvulla\/\">1970-luku<\/a><\/div>\r\n<div class=\"btn\"><a class=\"btn-text\" style=\"color: #000;\" href=\"https:\/\/espoonperinneseura.net\/espoo1972\/koulutus-espoossa-1980-luvulla\/\">1980-luku<\/a><\/div>\r\n<div class=\"btn\"><a class=\"btn-text\" style=\"color: #000;\" href=\"https:\/\/espoonperinneseura.net\/espoo1972\/koulutus-espoossa-1990-luvulla\/\">1990-luku<\/a><\/div>\r\n<div class=\"btn\"><a class=\"btn-text\" style=\"color: #000;\" href=\"https:\/\/espoonperinneseura.net\/espoo1972\/koulutus-espoossa-2000-luvulla\/\">2000-luku<\/a><\/div>\r\n<div class=\"btn\"><a class=\"btn-text\" style=\"color: #fff;\" href=\"https:\/\/espoonperinneseura.net\/espoo1972\/koulutus-espoossa-2010-luvulla\/\">2010-luku<\/a><\/div>\r\n<div class=\"btn\"><a class=\"btn-text\" style=\"color: #000;\" href=\"https:\/\/espoonperinneseura.net\/espoo1972\/koulutus-espoossa-2020-luvulla\/\">2020-luku<\/a><\/div>\r\n<\/div>\r\n\r\n\r\n\r\n<h3 style=\"clear: both; padding-top: 25px;\">Koulutus Espoossa 2010-luvulla<\/h3>\r\n<p><em>Martti Hellstr\u00f6m ja Marjatta Kuitunen<\/em><\/p>\r\n<p><strong>Kriisien ja moninaistumisen 2010-luku<\/strong><br \/><strong>Espoo kasvaa. Liikaa?<\/strong><br \/><strong>Uusliberaalin koulutuksen aikaa<\/strong><\/p>\r\n<p><a href=\"https:\/\/espoonperinneseura.net\/espoo1972\/koulutus-espoossa-2010-luvulla\/opetus-2010-luvulla\/\">2010-luvun opetusmenetelmi\u00e4 ja -v\u00e4lineit\u00e4<\/a><\/p>\r\n<p><a href=\"https:\/\/espoonperinneseura.net\/espoo1972\/aalto-yliopiston-kampus-otaniemeen\/\">Aalto-yliopiston kampus Otaniemeen<\/a><\/p>\r\n<p><a href=\"https:\/\/espoonperinneseura.net\/espoo1972\/koulutus-espoossa-2010-luvulla\/elinikainen-oppiminen\/\">Espoo \u2013 elinik\u00e4isen oppimisen edell\u00e4k\u00e4vij\u00e4kaupunki<\/a><\/p>\r\n<p><a href=\"https:\/\/espoonperinneseura.net\/espoo1972\/koulutus-espoossa-2010-luvulla\/pisa-tuloksia\/\">Espoossa iloitaan upeista PISA-tuloksista<\/a><\/p>\r\n<p><a href=\"https:\/\/espoonperinneseura.net\/espoo1972\/koulutus-espoossa-2010-luvulla\/etela-tapiolan-lukio\/\">Etel\u00e4-Tapiolan lukiossa loistavat yo-tulokset<\/a><\/p>\r\n<p><a href=\"https:\/\/espoonperinneseura.net\/espoo1972\/koulutus-espoossa-2010-luvulla\/inkluusio\/\">Inkluusio \u2013 juu vai ei?<\/a><\/p>\r\n<p><a href=\"https:\/\/espoonperinneseura.net\/espoo1972\/koulutus-espoossa-2010-luvulla\/koulut-kuntoon\/\">Koulut kuntoon<\/a><\/p>\r\n<p><a href=\"https:\/\/espoonperinneseura.net\/espoo1972\/koulutus-espoossa-2010-luvulla\/aikuislukio\/\">Lukio vain aikuisille<\/a><\/p>\r\n<p><a href=\"https:\/\/espoonperinneseura.net\/espoo1972\/koulutus-espoossa-2010-luvulla\/sahkoiset-ylioppilaskirjoitukset\/\">Ylioppilaskirjoitukset s\u00e4hk\u00f6istettiin<\/a><\/p>\r\n<p><img loading=\"lazy\" decoding=\"async\" class=\"alignnone size-large wp-image-3926\" src=\"https:\/\/espoonperinneseura.net\/espoo1972\/wp-content\/uploads\/2022\/08\/E2010Kuva-1024x624.png\" alt=\"\" width=\"750\" height=\"457\" srcset=\"https:\/\/espoonperinneseura.net\/espoo1972\/wp-content\/uploads\/2022\/08\/E2010Kuva-1024x624.png 1024w, https:\/\/espoonperinneseura.net\/espoo1972\/wp-content\/uploads\/2022\/08\/E2010Kuva-300x183.png 300w, https:\/\/espoonperinneseura.net\/espoo1972\/wp-content\/uploads\/2022\/08\/E2010Kuva-768x468.png 768w, https:\/\/espoonperinneseura.net\/espoo1972\/wp-content\/uploads\/2022\/08\/E2010Kuva.png 1080w\" sizes=\"auto, (max-width: 750px) 100vw, 750px\" \/><\/p>\r\n<p style=\"display: none;\">S\u00e4hk\u00f6iset ylioppilaskirjoitukset alkavat<\/p>\r\n<p style=\"display: none;\">Aikuislukio ja ty\u00f6v\u00e4enopisto fuusioitiin Omniaan 2015<\/p>\r\n<p style=\"display: none;\">SAAS-malli<\/p>\r\n<p style=\"display: none;\">Etel\u00e4-Tapiolan lukio &#8211; Suomen paras lukio (2019)<\/p>\r\n<p style=\"display: none;\">Amis-reformi alkaa kankeasti<\/p>\r\n","protected":false},"excerpt":{"rendered":"<p>Koulutuksen kehittyminen Espoossa\u00a0\u00a0\u00a0\u00a0\u00a0\u00a0\u00a0\u00a0Kansisivulle 1970-luku 1980-luku 1990-luku 2000-luku 2010-luku 2020-luku Koulutus Espoossa 2010-luvulla Martti Hellstr\u00f6m ja Marjatta Kuitunen Kriisien ja moninaistumisen 2010-lukuEspoo kasvaa. Liikaa?Uusliberaalin koulutuksen aikaa 2010-luvun opetusmenetelmi\u00e4 ja -v\u00e4lineit\u00e4 Aalto-yliopiston kampus Otaniemeen Espoo \u2013 elinik\u00e4isen oppimisen edell\u00e4k\u00e4vij\u00e4kaupunki Espoossa iloitaan upeista PISA-tuloksista Etel\u00e4-Tapiolan lukiossa loistavat yo-tulokset Inkluusio \u2013 juu vai ei? Koulut kuntoon Lukio vain aikuisille&hellip; <a class=\"more-link\" href=\"https:\/\/espoonperinneseura.net\/espoo1972\/koulutus-espoossa-2010-luvulla\/\">Jatka lukemista <span class=\"screen-reader-text\">Koulutus Espoossa 2010-luvulla<\/span><\/a><\/p>\n","protected":false},"author":1,"featured_media":0,"parent":0,"menu_order":42,"comment_status":"closed","ping_status":"closed","template":"","meta":{"_eb_attr":"","_exactmetrics_skip_tracking":false,"_exactmetrics_sitenote_active":false,"_exactmetrics_sitenote_note":"","_exactmetrics_sitenote_category":0,"footnotes":""},"class_list":["post-3171","page","type-page","status-publish","hentry","entry"],"_links":{"self":[{"href":"https:\/\/espoonperinneseura.net\/espoo1972\/wp-json\/wp\/v2\/pages\/3171","targetHints":{"allow":["GET"]}}],"collection":[{"href":"https:\/\/espoonperinneseura.net\/espoo1972\/wp-json\/wp\/v2\/pages"}],"about":[{"href":"https:\/\/espoonperinneseura.net\/espoo1972\/wp-json\/wp\/v2\/types\/page"}],"author":[{"embeddable":true,"href":"https:\/\/espoonperinneseura.net\/espoo1972\/wp-json\/wp\/v2\/users\/1"}],"replies":[{"embeddable":true,"href":"https:\/\/espoonperinneseura.net\/espoo1972\/wp-json\/wp\/v2\/comments?post=3171"}],"version-history":[{"count":26,"href":"https:\/\/espoonperinneseura.net\/espoo1972\/wp-json\/wp\/v2\/pages\/3171\/revisions"}],"predecessor-version":[{"id":4014,"href":"https:\/\/espoonperinneseura.net\/espoo1972\/wp-json\/wp\/v2\/pages\/3171\/revisions\/4014"}],"wp:attachment":[{"href":"https:\/\/espoonperinneseura.net\/espoo1972\/wp-json\/wp\/v2\/media?parent=3171"}],"curies":[{"name":"wp","href":"https:\/\/api.w.org\/{rel}","templated":true}]}}