{"id":3488,"date":"2022-07-28T08:11:10","date_gmt":"2022-07-28T05:11:10","guid":{"rendered":"https:\/\/espoonperinneseura.net\/espoo1972\/?page_id=3488"},"modified":"2022-08-22T05:18:30","modified_gmt":"2022-08-22T02:18:30","slug":"elinikainen-oppiminen","status":"publish","type":"page","link":"https:\/\/espoonperinneseura.net\/espoo1972\/koulutus-espoossa-2010-luvulla\/elinikainen-oppiminen\/","title":{"rendered":"Espoo &#8211; elinik\u00e4isen oppimisen edell\u00e4k\u00e4vij\u00e4kaupunki"},"content":{"rendered":"<!-- Added by Post\/Page Specific Custom Code plugin, thank you for using! -->\n<style>.entry-title,  .entry-header {\r\n\tdisplay: none;\r\n}<\/style>\n<h5>Koulutuksen kehittyminen Espoossa\u00a0\u00a0\u00a0\u00a0\u00a0\u00a0\u00a0\u00a0<a href=\"https:\/\/espoonperinneseura.net\/espoo1972\/koulutus-espoossa-1970-2020\/\">Kansisivulle<\/a><\/h5>\r\n\r\n<div style=\"margin: auto;\">\r\n<div class=\"btn\"><a class=\"btn-text\" style=\"color: #000;\" href=\"https:\/\/espoonperinneseura.net\/espoo1972\/koulutus-espoossa-1970-luvulla\/\">1970-luku<\/a><\/div>\r\n<div class=\"btn\"><a class=\"btn-text\" style=\"color: #000;\" href=\"https:\/\/espoonperinneseura.net\/espoo1972\/koulutus-espoossa-1980-luvulla\/\">1980-luku<\/a><\/div>\r\n<div class=\"btn\"><a class=\"btn-text\" style=\"color: #000;\" href=\"https:\/\/espoonperinneseura.net\/espoo1972\/koulutus-espoossa-1990-luvulla\/\">1990-luku<\/a><\/div>\r\n<div class=\"btn\"><a class=\"btn-text\" style=\"color: #000;\" href=\"https:\/\/espoonperinneseura.net\/espoo1972\/koulutus-espoossa-2000-luvulla\/\">2000-luku<\/a><\/div>\r\n<div class=\"btn\"><a class=\"btn-text\" style=\"color: #fff;\" href=\"https:\/\/espoonperinneseura.net\/espoo1972\/koulutus-espoossa-2010-luvulla\/\">2010-luku<\/a><\/div>\r\n<div class=\"btn\"><a class=\"btn-text\" style=\"color: #000;\" href=\"https:\/\/espoonperinneseura.net\/espoo1972\/koulutus-espoossa-2020-luvulla\/\">2020-luku<\/a><\/div>\r\n<\/div>\r\n\r\n\r\n\r\n<h3 style=\"clear: both; padding-top: 25px;\">Espoo &#8211; elinik\u00e4isen oppimisen edell\u00e4k\u00e4vij\u00e4kaupunki<\/h3>\r\n<p><img loading=\"lazy\" decoding=\"async\" class=\"alignleft size-medium wp-image-3967\" src=\"https:\/\/espoonperinneseura.net\/espoo1972\/wp-content\/uploads\/2022\/08\/OppivatkaupungitLogo-300x300.png\" alt=\"\" width=\"300\" height=\"300\" srcset=\"https:\/\/espoonperinneseura.net\/espoo1972\/wp-content\/uploads\/2022\/08\/OppivatkaupungitLogo-300x300.png 300w, https:\/\/espoonperinneseura.net\/espoo1972\/wp-content\/uploads\/2022\/08\/OppivatkaupungitLogo-150x150.png 150w, https:\/\/espoonperinneseura.net\/espoo1972\/wp-content\/uploads\/2022\/08\/OppivatkaupungitLogo.png 512w\" sizes=\"auto, (max-width: 300px) 100vw, 300px\" \/><span style=\"white-space: nowrap;\">Espoo palkittiin<\/span> vuonna 2015 YK:n kasvatus-, tiede- ja kulttuurij\u00e4rjest\u00f6 Unescon Oppiva kaupunki \u2011palkinnolla saavutuksistaan elinik\u00e4isen oppimisen edell\u00e4k\u00e4vij\u00e4n\u00e4 ja mahdollistajana. Palkinto luovutettiin sivistystoimenjohtaja Sampo Suihkolle Mexico Cityss\u00e4 pidetyss\u00e4 oppivien kaupunkien konferenssissa 28.9.2015.<\/p>\r\n<p>Maailmanlaajuinen oppivien kaupunkien verkosto perustettiin 2014. Verkoston j\u00e4senin\u00e4 on t\u00e4ll\u00e4 hetkell\u00e4 yli 250 kaupunkia eri puolilta maailmaa. Espoo oli vuoteen 2020 saakka verkoston ainoa suomalainen kaupunki. Tuolloin Tampere hyv\u00e4ksyttiin mukaan. Kolmas suomalaiskaupunki on nyt Vantaa.<\/p>\r\n<p>Oppivat kaupungit tunnustavat oppimisen merkityksen kaupungin ja kaupunkilaisten hyvinvoinnin ja kasvun perustana. Edell\u00e4k\u00e4vij\u00f6in\u00e4 ne vastaavat muuttuvan ymp\u00e4rist\u00f6n haasteisiin uusilla ideoilla ja sitoutumalla elinik\u00e4isen oppimisen edist\u00e4miseen. Uusia innovaatioita syntyy eri osapuolten yhteisty\u00f6n\u00e4: kuntalaisten, koulutusorganisaatioiden, yritysten ja yhteis\u00f6jen kanssa. Kaupungin rooli on luoda edellytyksi\u00e4, koota verkostoja ja tarjota paras mahdollinen alusta oppimiselle. Espoo k\u00e4ytt\u00e4\u00e4 omassa kehitt\u00e4misty\u00f6ss\u00e4\u00e4n hyv\u00e4kseen espoolaista asiantuntemusta. Espoo tarjoaa kehitt\u00e4miskumppanuutta oppilaitoksille, yhteis\u00f6ille ja yrityksille paikallisesti, kansallisesti ja kansainv\u00e4lisesti.<\/p>\r\n<p><strong>Osaava espoolainen<\/strong><\/p>\r\n<p>Kaupungin l\u00e4hett\u00e4m\u00e4ss\u00e4 mediatiedotteessa korostettiin, ett\u00e4 elinik\u00e4inen oppiminen, mahdollisuus oppia koko el\u00e4m\u00e4n ajan, on t\u00e4rke\u00e4\u00e4 jokaisen yksil\u00f6n hyvinvoinnille, mutta my\u00f6s koko yhteis\u00f6n ja yhteiskunnan tulevaisuudelle.<\/p>\r\n<p>Koulutuksen kehitt\u00e4missuunnitelmassaan (KuntaKESU 2020) Espoo on sitoutunut noudattamaan Unescon Learning Cities -verkostossa yhdess\u00e4 sovittuja periaatteita elinik\u00e4isest\u00e4 oppimisesta.<\/p>\r\n<p>Elinik\u00e4isen oppimisen tavoitteena on osaava espoolainen, joka omassa el\u00e4m\u00e4ss\u00e4\u00e4n toteuttaa ekologisesti, sosiaalisesti, kulttuurisesti ja taloudellisesti kest\u00e4v\u00e4\u00e4 kehityst\u00e4. H\u00e4nen oppimistaan tuetaan ehj\u00e4ll\u00e4 oppimispolulla, uudenlaisilla oppimisymp\u00e4rist\u00f6ill\u00e4 ja hy\u00f6dynt\u00e4m\u00e4ll\u00e4 digitaalista teknologiaa.<\/p>\r\n<p><strong>Oppiva Espoo<\/strong><\/p>\r\n<div style=\"margin: auto;\">\r\n<div class=\"div-image\" style=\"width: 232px;\">\r\n<figure id=\"attachment_3864\" aria-describedby=\"caption-attachment-3864\" style=\"width: 232px\" class=\"wp-caption alignleft\"><img loading=\"lazy\" decoding=\"async\" class=\"wp-image-3864 size-medium\" src=\"https:\/\/espoonperinneseura.net\/espoo1972\/wp-content\/uploads\/2022\/08\/SampoSuihko-232x300.png\" alt=\"\" width=\"232\" height=\"300\" srcset=\"https:\/\/espoonperinneseura.net\/espoo1972\/wp-content\/uploads\/2022\/08\/SampoSuihko-232x300.png 232w, https:\/\/espoonperinneseura.net\/espoo1972\/wp-content\/uploads\/2022\/08\/SampoSuihko.png 684w\" sizes=\"auto, (max-width: 232px) 100vw, 232px\" \/><figcaption id=\"caption-attachment-3864\" class=\"wp-caption-text\">Sampo Suihko<\/figcaption><\/figure>\r\n<\/div>\r\n<p style=\"margin-top: 0px;\"><span style=\"white-space: nowrap;\">Espoo oli yksi<\/span> niist\u00e4 kahdestatoista esimerkkikaupungista, jotka esiteltiin konferenssin yhteydess\u00e4 julkaistussa kirjassa. Kirjassa kerrottiin mm. Espoon panostuksesta kest\u00e4v\u00e4\u00e4n kehitykseen, tietotekniikan hy\u00f6dynt\u00e4misest\u00e4 opetuksessa ja matalan kynnyksen kulttuuripalveluista.<\/p>\r\n<p>Konferenssipuheenvuorossaan Sampo Suihko esitteli Espoon konkreettisia tapoja edist\u00e4\u00e4 oppivaa kaupunkia. N\u00e4it\u00e4 olivat mm. Joustavat oppimisen tilat -hanke, koululaisille suunnattu yrityskyl\u00e4, kirjaston pajatoiminta, Konsti-perheohjaus, senioreille suunnattu digitaalinen kohtauspaikka sek\u00e4 energiatietopalvelu.<\/p>\r\n<p>Kes\u00e4ll\u00e4 2021 Sampo Suihko kutsuttiin Learning Cities \u2011juryn j\u00e4seneksi kolmeksi seuraavaksi kerraksi (2021, 2023 ja 2025). J\u00e4seni\u00e4 on vain viisi. Espoolainen Suihko istuu siis juryss\u00e4 Euroopan ainoalla paikalla.<\/p>\r\n<p>Yh\u00e4 kirkkaammin verkostossa ei ole kyse kilpailusta, vaan tavoitteena on l\u00f6yt\u00e4\u00e4 hyvi\u00e4 k\u00e4yt\u00e4nteit\u00e4 ja esimerkkej\u00e4 hyvin erilaisista l\u00e4ht\u00f6kohdista ponnistaville kulttuureille ja kaupungeille, ja siten kannustaa kaupunkeja omassa ty\u00f6ss\u00e4\u00e4n edist\u00e4m\u00e4\u00e4n koulutusta, osallisuutta, kest\u00e4v\u00e4\u00e4 kehityst\u00e4 ja hyvinvointia.<\/p>\r\n<\/div>","protected":false},"excerpt":{"rendered":"<p>Koulutuksen kehittyminen Espoossa\u00a0\u00a0\u00a0\u00a0\u00a0\u00a0\u00a0\u00a0Kansisivulle 1970-luku 1980-luku 1990-luku 2000-luku 2010-luku 2020-luku Espoo &#8211; elinik\u00e4isen oppimisen edell\u00e4k\u00e4vij\u00e4kaupunki Espoo palkittiin vuonna 2015 YK:n kasvatus-, tiede- ja kulttuurij\u00e4rjest\u00f6 Unescon Oppiva kaupunki \u2011palkinnolla saavutuksistaan elinik\u00e4isen oppimisen edell\u00e4k\u00e4vij\u00e4n\u00e4 ja mahdollistajana. Palkinto luovutettiin sivistystoimenjohtaja Sampo Suihkolle Mexico Cityss\u00e4 pidetyss\u00e4 oppivien kaupunkien konferenssissa 28.9.2015. Maailmanlaajuinen oppivien kaupunkien verkosto perustettiin 2014. Verkoston j\u00e4senin\u00e4 on t\u00e4ll\u00e4&hellip; <a class=\"more-link\" href=\"https:\/\/espoonperinneseura.net\/espoo1972\/koulutus-espoossa-2010-luvulla\/elinikainen-oppiminen\/\">Jatka lukemista <span class=\"screen-reader-text\">Espoo &#8211; elinik\u00e4isen oppimisen edell\u00e4k\u00e4vij\u00e4kaupunki<\/span><\/a><\/p>\n","protected":false},"author":1,"featured_media":0,"parent":3171,"menu_order":3,"comment_status":"closed","ping_status":"closed","template":"","meta":{"_eb_attr":"","_exactmetrics_skip_tracking":false,"_exactmetrics_sitenote_active":false,"_exactmetrics_sitenote_note":"","_exactmetrics_sitenote_category":0,"footnotes":""},"class_list":["post-3488","page","type-page","status-publish","hentry","entry"],"_links":{"self":[{"href":"https:\/\/espoonperinneseura.net\/espoo1972\/wp-json\/wp\/v2\/pages\/3488","targetHints":{"allow":["GET"]}}],"collection":[{"href":"https:\/\/espoonperinneseura.net\/espoo1972\/wp-json\/wp\/v2\/pages"}],"about":[{"href":"https:\/\/espoonperinneseura.net\/espoo1972\/wp-json\/wp\/v2\/types\/page"}],"author":[{"embeddable":true,"href":"https:\/\/espoonperinneseura.net\/espoo1972\/wp-json\/wp\/v2\/users\/1"}],"replies":[{"embeddable":true,"href":"https:\/\/espoonperinneseura.net\/espoo1972\/wp-json\/wp\/v2\/comments?post=3488"}],"version-history":[{"count":13,"href":"https:\/\/espoonperinneseura.net\/espoo1972\/wp-json\/wp\/v2\/pages\/3488\/revisions"}],"predecessor-version":[{"id":4030,"href":"https:\/\/espoonperinneseura.net\/espoo1972\/wp-json\/wp\/v2\/pages\/3488\/revisions\/4030"}],"up":[{"embeddable":true,"href":"https:\/\/espoonperinneseura.net\/espoo1972\/wp-json\/wp\/v2\/pages\/3171"}],"wp:attachment":[{"href":"https:\/\/espoonperinneseura.net\/espoo1972\/wp-json\/wp\/v2\/media?parent=3488"}],"curies":[{"name":"wp","href":"https:\/\/api.w.org\/{rel}","templated":true}]}}