{"id":5,"date":"2021-11-24T14:16:18","date_gmt":"2021-11-24T12:16:18","guid":{"rendered":"http:\/\/espoonperinneseura.net\/espoo1972\/?page_id=5"},"modified":"2024-12-20T08:01:02","modified_gmt":"2024-12-20T06:01:02","slug":"espoo-1972-2","status":"publish","type":"page","link":"https:\/\/espoonperinneseura.net\/espoo1972\/","title":{"rendered":"Espoo 1972"},"content":{"rendered":"\n<div class=\"wp-block-group is-style-default\"><div class=\"wp-block-group__inner-container is-layout-flow wp-block-group-is-layout-flow\">\n<div class=\"wp-block-columns is-layout-flex wp-container-core-columns-is-layout-d0b3c9c8 wp-block-columns-is-layout-flex\">\n<div class=\"wp-block-column is-layout-flow wp-block-column-is-layout-flow\">\n<p><strong>Espoo 50 vuotta kaupunkina<\/strong><\/p>\n\n\n\n<p>Espoon kaupunki t\u00e4ytti 50 vuotta 1.1.2022. <\/p>\n\n\n\n<figure id=\"logo\" style=\"margin:0\" class=\"wp-block-image size-full is-resized\"><img loading=\"lazy\" decoding=\"async\" src=\"https:\/\/espoonperinneseura.net\/espoo1972\/wp-content\/uploads\/2021\/12\/ESPOO_50_tunnus_RGB_VAAKA_MUSTA-e1649732793846-1024x417.png\" alt=\"\" class=\"wp-image-847\" width=\"427\" height=\"227\" style=\"margin:0 auto;display:block\"><\/figure>\n\n\n\n<p>Espoo 1972 -hanke kuuluu Espoo 50 vuotta kaupunkina -vuoden ohjelmistoon.<br><a rel=\"noreferrer noopener\" style=\"font-size:80%\" href=\"https:\/\/www.espoo.fi\/fi\/juhlan-aika-espoo-tayttaa-50-vuotta-kaupunkina\" target=\"_blank\">Juhlan aika: Espoo t\u00e4ytt\u00e4\u00e4 50 vuotta kaupunkina<\/a><\/p>\n\n\n\n<p style=\"font-size: 80%;margin-bottom: 0px\"><a href=\"https:\/\/elonet.finna.fi\/Record\/kavi.elonet_elokuva_150733\" target=\"_blank\" rel=\"noreferrer noopener\">Esittelyfilmi Espoosta<\/a> vuodelta 1971<\/p>\n<\/div>\n\n\n\n<div class=\"wp-block-column logo is-layout-flow wp-block-column-is-layout-flow\">\n<figure class=\"wp-block-image alignwide size-full seminarlogo\"><img loading=\"lazy\" decoding=\"async\" width=\"847\" height=\"114\" class=\"wp-image-2690\" style=\"margin-top: 50px\" src=\"https:\/\/espoonperinneseura.net\/espoo1972\/wp-content\/uploads\/2022\/05\/Espoo-1972-logo-vaaka2.png\" alt=\"\" srcset=\"https:\/\/espoonperinneseura.net\/espoo1972\/wp-content\/uploads\/2022\/05\/Espoo-1972-logo-vaaka2.png 847w, https:\/\/espoonperinneseura.net\/espoo1972\/wp-content\/uploads\/2022\/05\/Espoo-1972-logo-vaaka2-300x40.png 300w, https:\/\/espoonperinneseura.net\/espoo1972\/wp-content\/uploads\/2022\/05\/Espoo-1972-logo-vaaka2-768x103.png 768w\" sizes=\"auto, (max-width: 847px) 100vw, 847px\" \/><\/figure>\n\n\n\n<div style=\"display: flex;justify-content: center;align-items: center;padding-bottom:0px;clear:both\"><hr style=\"width:80%;text-align:center;margin:0 0 0px 0;border-width: 1px\"><\/div>\n<div style=\"display: flex;justify-content: center;align-items: center;clear:both;background-image: linear-gradient(to right, #BEDAF1,#7ABFD6,#BEDAF1);color:#00008B;padding:5px\"><a href=\"https:\/\/espoonperinneseura.net\/espoo1972\/espoon-vuosi-1972\/\">Aikajana Espoon vuodesta 1972<\/a><\/div><div style=\"display: flex;justify-content: center;align-items: center;clear:both\"><hr style=\"width:80%;text-align:center;margin:0 0 0px 0;border-width: 1px\"><\/div>\n<div style=\"display: flex;justify-content: center;align-items: center;text-align:center;clear:both;background-color:#7ABFD6;padding:5px;font-size: 75%;width:80%;margin:0 auto\"><a href=\"https:\/\/espoonperinneseura.net\/tietovisa-7-espoo-50-vuotta-kaupunkina\/\" target=\"_blank\" rel=\"noopener\">Tietovisa: Espoo 50 vuotta kaupunkina<\/a><\/div><div style=\"display: flex;justify-content: center;align-items: center;clear:both\"><\/div>\n<div style=\"display: flex;justify-content: center;align-items: center;clear:both\"><a href=\"https:\/\/espoonperinneseura.net\/espoo1972\/laheta-muistosi-vuodelta-1972\/\"><button style=\"border: none;color: #00008B;font-size: 150%;padding: 10px 22px;text-align: center;text-decoration: none;display: inline-block;font-size: 20px;margin: 4px 2px;cursor: pointer;background-color: #7ABFD6;border-radius: 10px\">L\u00e4het\u00e4 muistoja<br>50 vuoden takaa<\/button><\/a><\/div>\n<\/div>\n\n\n\n<div class=\"wp-block-column is-layout-flow wp-block-column-is-layout-flow\">\n<p><strong>Tuoreimmat uutiset<\/strong><\/p>\n\n\n<ul class=\"wp-block-latest-posts__list has-dates tw-heading-size-small wp-block-latest-posts\"><li><a class=\"wp-block-latest-posts__post-title\" href=\"https:\/\/espoonperinneseura.net\/espoo1972\/2022\/12\/22\/espoo-50-vuotta-kaupunkina-juhlavuosi-on-paattymassa\/\">Espoo 50 vuotta kaupunkina -juhlavuosi on p\u00e4\u00e4ttym\u00e4ss\u00e4<\/a><time datetime=\"2022-12-22T20:24:47+02:00\" class=\"wp-block-latest-posts__post-date\">22.12.2022<\/time><\/li>\n<li><a class=\"wp-block-latest-posts__post-title\" href=\"https:\/\/espoonperinneseura.net\/espoo1972\/2022\/08\/21\/uutta-lisaltoa-historiapolku-ja-koulutus-espoossa-1970-2020-luvuilla\/\">Uutta sis\u00e4lt\u00f6\u00e4: Historiapolku ja Koulutus Espoossa 1970-2020-luvuilla<\/a><time datetime=\"2022-08-21T15:00:57+03:00\" class=\"wp-block-latest-posts__post-date\">21.8.2022<\/time><\/li>\n<li><a class=\"wp-block-latest-posts__post-title\" href=\"https:\/\/espoonperinneseura.net\/espoo1972\/2022\/07\/29\/espoo-juhlii-%e2%80%91viikko-ja-espoo-paiva-lahestyvat\/\">Espoo juhlii! \u2011viikko ja Espoo-p\u00e4iv\u00e4 l\u00e4hestyv\u00e4t<\/a><time datetime=\"2022-07-29T10:00:00+03:00\" class=\"wp-block-latest-posts__post-date\">29.7.2022<\/time><\/li>\n<li><a class=\"wp-block-latest-posts__post-title\" href=\"https:\/\/espoonperinneseura.net\/espoo1972\/2022\/07\/08\/espoo-1972-perinteenkeruu-jatkuu\/\">Espoo 1972 -perinteenkeruu jatkuu<\/a><time datetime=\"2022-07-08T05:49:33+03:00\" class=\"wp-block-latest-posts__post-date\">8.7.2022<\/time><\/li>\n<li><a class=\"wp-block-latest-posts__post-title\" href=\"https:\/\/espoonperinneseura.net\/espoo1972\/2022\/05\/19\/espoo-1972-juhlaseminaari-11-5-2022\/\">Espoo 1972 -juhlaseminaari 11.5.2022<\/a><time datetime=\"2022-05-19T09:39:33+03:00\" class=\"wp-block-latest-posts__post-date\">19.5.2022<\/time><\/li>\n<li><a class=\"wp-block-latest-posts__post-title\" href=\"https:\/\/espoonperinneseura.net\/espoo1972\/2022\/05\/11\/espoo-1972-juhlaseminaarikutsu-11-5-2022\/\">Kutsu Espoo 1972 -juhlaseminaariin 11.5.2022<\/a><time datetime=\"2022-05-11T17:30:00+03:00\" class=\"wp-block-latest-posts__post-date\">11.5.2022<\/time><\/li>\n<\/ul><\/div>\n<\/div>\n<\/div><\/div>\n\n\n\n<div class=\"wp-block-group\"><div class=\"wp-block-group__inner-container is-layout-flow wp-block-group-is-layout-flow\">\n<div class=\"wp-block-columns is-layout-flex wp-container-core-columns-is-layout-d0b3c9c8 wp-block-columns-is-layout-flex\">\n<div class=\"wp-block-column is-layout-flow wp-block-column-is-layout-flow\" style=\"--col-width:50%;flex-basis:50%\">\n<h3 class=\"wp-block-heading\" id=\"espoo-50-vuotta-sitten\">Espoo 50 vuotta sitten<\/h3>\n\n\n\n<div class=\"wp-block-media-text alignwide is-stacked-on-mobile is-vertically-aligned-center has-black-color has-text-color\" style=\"grid-template-columns:35% auto\"><figure class=\"wp-block-media-text__media\"><a href=\"https:\/\/espoonperinneseura.net\/espoo1972\/espoo-1972\/kasvu-kaupungiksi\/espoo-kaupungiksi-50-vuotta-sitten\/\"><img loading=\"lazy\" decoding=\"async\" width=\"1024\" height=\"789\" src=\"https:\/\/espoonperinneseura.net\/espoo1972\/wp-content\/uploads\/2022\/01\/Kaupungintalo-1024x789.jpg\" alt=\"\" class=\"wp-image-1207 size-thumbnail\" srcset=\"https:\/\/espoonperinneseura.net\/espoo1972\/wp-content\/uploads\/2022\/01\/Kaupungintalo-1024x789.jpg 1024w, https:\/\/espoonperinneseura.net\/espoo1972\/wp-content\/uploads\/2022\/01\/Kaupungintalo-300x231.jpg 300w, https:\/\/espoonperinneseura.net\/espoo1972\/wp-content\/uploads\/2022\/01\/Kaupungintalo-768x592.jpg 768w, https:\/\/espoonperinneseura.net\/espoo1972\/wp-content\/uploads\/2022\/01\/Kaupungintalo.jpg 1423w\" sizes=\"auto, (max-width: 1024px) 100vw, 1024px\" \/><\/a><\/figure><div class=\"wp-block-media-text__content\">\n<p class=\"tw-mb-0 tw-mt-0 has-small-font-size\"><strong>Kasvu kaupungiksi<\/strong><\/p>\n\n\n\n<p class=\"has-extra-small-font-size\" style=\"line-height:1.2\">Espoosta tuli kauppala vuonna 1963 ja kaupunki 1.1.1972.  Espoon v\u00e4kim\u00e4\u00e4r\u00e4 ylitti 100 000 vuonna 1971. Raideliikenteen ja valtav\u00e4ylien varteen rakennetut kaupunkikeskukset ovat kasvaneet ripe\u00e4sti.<\/p>\n\n\n\n<p class=\"tw-mb-0 tw-mt-0 has-extra-small-font-size\" style=\"line-height:1.2\">Lue lis\u00e4\u00e4:<\/p>\n\n\n\n<p class=\"tw-mb-0 tw-mt-0 has-extra-small-font-size\" style=\"line-height:1.2\"><a href=\"https:\/\/espoonperinneseura.net\/espoo1972\/espoo-kaupungiksi-50-vuotta-sitten\/\">Espoo kaupungiksi 50 vuotta sitten<\/a><\/p>\n\n\n\n<p class=\"tw-mb-0 tw-mt-0 has-extra-small-font-size\" style=\"line-height:1.2\"><a href=\"https:\/\/espoonperinneseura.net\/espoo1972\/espoo-1972-2\/kasvu-kaupungiksi\/maankayton-murroksia-50-vuotta-sitten\/\">Maank\u00e4yt\u00f6n murroksia 50 vuotta sitten<\/a><\/p>\n\n\n\n<p class=\"tw-mb-0 tw-mt-0 has-extra-small-font-size\" style=\"line-height:1.2\"><a href=\"https:\/\/youtu.be\/4wu_2tLzwME\">Maalaispit\u00e4j\u00e4st\u00e4 kaupungiksi (Youtube)<\/a><\/p>\n\n\n\n<p class=\"tw-mb-0 tw-mt-0 has-extra-small-font-size\" style=\"line-height:1.2\"><\/p>\n\n\n\n<p class=\"tw-mb-0 tw-mt-0 has-extra-small-font-size\" style=\"line-height:1.2\"><a href=\"https:\/\/espoonperinneseura.net\/espoo1972\/kasvu-kaupungiksi\/kaupungin-hallinto-1970-luvulla\/\">Kaupungin hallinto 1970-luvulla<\/a> <\/p>\n\n\n\n<p class=\"tw-mb-0 tw-mt-0 has-extra-small-font-size\" style=\"line-height:1.2\"><a href=\"https:\/\/espoonperinneseura.net\/espoo1972\/espoon-vaesto\/\">Espoon v\u00e4est\u00f6nkehitys<\/a> <\/p>\n\n\n\n<p class=\"tw-mb-0 tw-mt-0 has-extra-small-font-size\" style=\"line-height:1.2\"><a href=\"https:\/\/espoonperinneseura.net\/espoo1972\/historiapolku\/\">Historiapolku<\/a> <\/p>\n<\/div><\/div>\n\n\n\n<div class=\"wp-block-media-text alignwide is-stacked-on-mobile has-black-color has-text-color\" style=\"grid-template-columns:35% auto\"><figure class=\"wp-block-media-text__media\"><img loading=\"lazy\" decoding=\"async\" width=\"1024\" height=\"839\" src=\"https:\/\/espoonperinneseura.net\/espoo1972\/wp-content\/uploads\/2022\/01\/Muuralan-sairaala-1-1024x839.jpg\" alt=\"\" class=\"wp-image-1213 size-thumbnail\" srcset=\"https:\/\/espoonperinneseura.net\/espoo1972\/wp-content\/uploads\/2022\/01\/Muuralan-sairaala-1-1024x839.jpg 1024w, https:\/\/espoonperinneseura.net\/espoo1972\/wp-content\/uploads\/2022\/01\/Muuralan-sairaala-1-300x246.jpg 300w, https:\/\/espoonperinneseura.net\/espoo1972\/wp-content\/uploads\/2022\/01\/Muuralan-sairaala-1-768x629.jpg 768w, https:\/\/espoonperinneseura.net\/espoo1972\/wp-content\/uploads\/2022\/01\/Muuralan-sairaala-1.jpg 1452w\" sizes=\"auto, (max-width: 1024px) 100vw, 1024px\" \/><\/figure><div class=\"wp-block-media-text__content\">\n<p class=\"tw-mb-0 tw-mt-0 has-small-font-size\" style=\"line-height:1.2\"><strong>Palvelut<\/strong><\/p>\n\n\n\n<p class=\"tw-mb-0 tw-mt-0 has-extra-small-font-size\" style=\"line-height:1.2\">Vuonna 1972 voimaan tullut kansanterveyslaki velvoitti kaupungin huolehtimaan perusterveydenhuollosta.<\/p>\n\n\n\n<p class=\"has-extra-small-font-size\" style=\"line-height:1.2\">Lue lis\u00e4\u00e4: <a href=\"https:\/\/espoonperinneseura.net\/espoo1972\/terveydenhuolto-1970-luvulla\/\" data-type=\"page\" data-id=\"1485\">Terveydenhuolto 1970-luvulla<\/a><\/p>\n<\/div><\/div>\n\n\n\n<div class=\"wp-block-media-text alignwide is-stacked-on-mobile has-black-color has-text-color\" style=\"grid-template-columns:35% auto\"><figure class=\"wp-block-media-text__media\"><img loading=\"lazy\" decoding=\"async\" width=\"800\" height=\"468\" src=\"https:\/\/espoonperinneseura.net\/espoo1972\/wp-content\/uploads\/2022\/07\/Kauklahden-asema.jpg\" alt=\"\" class=\"wp-image-3660 size-thumbnail\" srcset=\"https:\/\/espoonperinneseura.net\/espoo1972\/wp-content\/uploads\/2022\/07\/Kauklahden-asema.jpg 800w, https:\/\/espoonperinneseura.net\/espoo1972\/wp-content\/uploads\/2022\/07\/Kauklahden-asema-300x176.jpg 300w, https:\/\/espoonperinneseura.net\/espoo1972\/wp-content\/uploads\/2022\/07\/Kauklahden-asema-768x449.jpg 768w\" sizes=\"auto, (max-width: 800px) 100vw, 800px\" \/><\/figure><div class=\"wp-block-media-text__content\">\n<p class=\"tw-mb-0 tw-mt-0 has-small-font-size\" style=\"line-height:1.2\"><strong>Liikenne<\/strong><\/p>\n\n\n\n<p class=\"has-extra-small-font-size\" style=\"line-height:1.2\">Linja-auto- ja rautatieliikenteess\u00e4 tapahtui isoja muutoksia 1960- ja 1970-luvulla.<br>Lue lis\u00e4\u00e4: <br><a href=\"https:\/\/espoonperinneseura.net\/espoo1972\/espoon-bussiliikenne-1960-1970-lukujen-vaihteessa\/\">Espoon bussiliikenne<\/a><\/p>\n\n\n\n<p class=\"has-extra-small-font-size\" style=\"line-height:1.2\"><a href=\"https:\/\/espoonperinneseura.net\/espoo1972\/espoo-1972-2\/kasvu-kaupungiksi\/rautatieliikenne-espoossa-1970-luvulle-saavuttaessa\/\" data-type=\"page\" data-id=\"2012\">Rautatieliikenne Espoossa<\/a><\/p>\n\n\n\n<p class=\"has-extra-small-font-size\" style=\"line-height:1.2\"><a href=\"https:\/\/espoonperinneseura.net\/espoo1972\/espoon-paavaylat\/\" data-type=\"page\" data-id=\"2012\">Espoon p\u00e4\u00e4v\u00e4yl\u00e4t<\/a><\/p>\n<\/div><\/div>\n\n\n\n<div class=\"wp-block-media-text alignwide is-stacked-on-mobile is-vertically-aligned-center has-black-color has-text-color\" style=\"grid-template-columns:35% auto\"><figure class=\"wp-block-media-text__media\"><img loading=\"lazy\" decoding=\"async\" width=\"800\" height=\"502\" src=\"https:\/\/espoonperinneseura.net\/espoo1972\/wp-content\/uploads\/2021\/11\/Bembole-skola.jpg\" alt=\"\" class=\"wp-image-531 size-thumbnail\" srcset=\"https:\/\/espoonperinneseura.net\/espoo1972\/wp-content\/uploads\/2021\/11\/Bembole-skola.jpg 800w, https:\/\/espoonperinneseura.net\/espoo1972\/wp-content\/uploads\/2021\/11\/Bembole-skola-300x188.jpg 300w, https:\/\/espoonperinneseura.net\/espoo1972\/wp-content\/uploads\/2021\/11\/Bembole-skola-768x482.jpg 768w\" sizes=\"auto, (max-width: 800px) 100vw, 800px\" \/><\/figure><div class=\"wp-block-media-text__content\">\n<p class=\"has-small-font-size\" style=\"line-height:1.2\"><strong>Koulutus<\/strong><\/p>\n\n\n\n<p class=\"has-extra-small-font-size\" style=\"line-height:1.2\">Espoo kasvoi 1970-luvulla koulukaupunkina. Kansakoulusta siirryttiin peruskouluun, ja muu koulutus laajeni nopeasti.<\/p>\n\n\n\n<p class=\"has-extra-small-font-size\" style=\"line-height:1.2\"><a href=\"https:\/\/espoonperinneseura.net\/espoo1972\/koulutus-espoossa-1970-2020\/\" data-type=\"page\" data-id=\"3081\">Koulutus Espoossa 1970-luvulta 2020-luvulle<\/a><\/p>\n\n\n\n<p class=\"has-extra-small-font-size\" style=\"line-height:1.2\">Lue lis\u00e4\u00e4: <br><a href=\"https:\/\/espoonperinneseura.net\/espoo1972\/tuore-koulukaupunki-espoo-vuonna-1972\/\" data-type=\"URL\">Tuore koulukaupunki Espoo vuonna 1972<\/a><br><\/p>\n\n\n\n<p class=\"has-extra-small-font-size\" style=\"line-height:1.2\"><a href=\"https:\/\/espoonperinneseura.net\/espoo1972\/espoolaiset-kansakoulut\/\" data-type=\"URL\">Espoolaiset kansalaiskoulut<\/a><br><\/p>\n\n\n\n<p class=\"has-extra-small-font-size\" style=\"line-height:1.2\">Huikea esimerkki Espoon oppikouluista:<br><a href=\"https:\/\/espoonperinneseura.net\/espoo1972\/espoo-1972-2\/kasvu-kaupungiksi\/huikea-esimerkki-espoon-oppikouluista-tapiolan-yhteiskoulu\/\" data-type=\"URL\">Tapiolan yhteiskoulu<\/a><br><\/p>\n\n\n\n<p class=\"has-extra-small-font-size\" style=\"line-height:1.2\">Rahvaan valistajasta monipuoliseksi oppimiskeitaaksi: <a href=\"https:\/\/espoonperinneseura.net\/espoo1972\/espoo-1972-2\/kasvu-kaupungiksi\/espoon-tyovaenopisto-kansan-sivistajasta-monipuoliseksi-oppimiskeitaaksi\/\" data-type=\"URL\">Espoon ty\u00f6v\u00e4enopisto<\/a><\/p>\n\n\n\n<p class=\"has-extra-small-font-size\" style=\"line-height:1.2\"><a href=\"https:\/\/espoonperinneseura.net\/espoo1972\/espoo-1972-2\/espoon-amikset-vuonna-1972\/\" data-type=\"URL\">Espoon \u201damikset\u201d vuonna 1972<\/a><\/p>\n\n\n\n<p><\/p>\n<\/div><\/div>\n\n\n\n\n\n\n\n\n\n<h3 class=\"wp-block-heading\">Yhteisty\u00f6ss\u00e4<\/h3>\n\n\n\n<p>Espoo 1972 -teemasivuston sis\u00e4ll\u00f6n ovat tuottaneet yhteisty\u00f6ss\u00e4<\/p>\n\n\n\n<ul class=\"wp-block-list\">\n<li>Espoon perinneseura<\/li>\n\n\n\n<li>Keski-Espoo -seura<\/li>\n\n\n\n<li>Lepp\u00e4vaara-seura<\/li>\n\n\n\n<li>Lounais-Espoon Omakotiyhdistys<\/li>\n\n\n\n<li>Mankkaa-Seura<\/li>\n\n\n\n<li>Matinkyl\u00e4-Seura<\/li>\n\n\n\n<li>Nuuksion Siikaj\u00e4rven Asukasyhdistys<\/li>\n\n\n\n<li>Nuuksio-Seura<\/li>\n\n\n\n<li>Keski-Espoon Pienkiinteist\u00f6yhdistys<\/li>\n\n\n\n<li>Esbo Hembygdsf\u00f6rening<\/li>\n\n\n\n<li>Olari-Seura<\/li>\n\n\n\n<li>Laajalahti ry<\/li>\n\n\n\n<li>Tapiolan Kilta<\/li>\n\n\n\n<li>sek\u00e4 lukuisat yksityishenkil\u00f6t<\/li>\n<\/ul>\n\n\n\n<p>Espoon perinneseura tuotti yhteisty\u00f6ss\u00e4 Kaupunkitapahtuma Espoon kanssa historiapolun Espoo juhlii! -viikon tapahtumiin. Perinneseura tuotti verkkoon laajan katsauksen koulutuksen kehittymiseen Espoossa viime vuosikymmenin\u00e4.<\/p>\n<\/div>\n\n\n\n<div class=\"wp-block-column is-layout-flow wp-block-column-is-layout-flow\" style=\"--col-width:50%;flex-basis:50%\">\n<h3 class=\"wp-block-heading\" id=\"muistoja-espoosta-50-vuoden-takaa\">Muistoja Espoosta 50 vuoden takaa<\/h3>\n\n\n\n<details class=\"wp-block-stackable-accordion stk-block-accordion stk-inner-blocks stk-block-content stk--is-open stk-block stk-e8f4a17\" open data-block-id=\"e8f4a17\">\n<summary class=\"wp-block-stackable-column stk--container-small stk-block-accordion__heading stk-block-column stk-column stk-block stk-b798fb2\" data-block-id=\"b798fb2\"><div class=\"stk-column-wrapper stk-block-column__content stk-container stk-b798fb2-container stk-hover-parent\"><div class=\"stk-block-content stk-inner-blocks\">\n<div class=\"wp-block-stackable-icon-label stk-block-icon-label stk-block stk-13c8dcd\" data-block-id=\"13c8dcd\"><div class=\"stk-row stk-inner-blocks stk-block-content\">\n<div class=\"wp-block-stackable-heading stk-block-heading stk-block stk-ca9f79e\" data-block-id=\"ca9f79e\"><h4 class=\"stk-block-heading__text\">Lepp\u00e4vaaran seutu<\/h4><\/div>\n<div class=\"wp-block-stackable-icon stk-block-icon stk-block stk-9cd8400\" data-block-id=\"9cd8400\"><span class=\"stk--svg-wrapper\"><div class=\"stk--inner-svg\"><svg style=\"height:0;width:0\"><defs><linearGradient id=\"linear-gradient-9cd8400\" x1=\"0\" x2=\"100%\" y1=\"0\" y2=\"0\"><stop offset=\"0%\" style=\"stop-opacity:1;stop-color:var(--linear-gradient-9-cd-8400-color-1)\"><\/stop><stop offset=\"100%\" style=\"stop-opacity:1;stop-color:var(--linear-gradient-9-cd-8400-color-2)\"><\/stop><\/linearGradient><\/defs><\/svg><svg data-prefix=\"fas\" data-icon=\"chevron-down\" class=\"svg-inline--fa fa-chevron-down fa-w-14\" xmlns=\"http:\/\/www.w3.org\/2000\/svg\" viewBox=\"0 0 448 512\" aria-hidden=\"true\" width=\"32\" height=\"32\"><path fill=\"currentColor\" d=\"M207.029 381.476L12.686 187.132c-9.373-9.373-9.373-24.569 0-33.941l22.667-22.667c9.357-9.357 24.522-9.375 33.901-.04L224 284.505l154.745-154.021c9.379-9.335 24.544-9.317 33.901.04l22.667 22.667c9.373 9.373 9.373 24.569 0 33.941L240.971 381.476c-9.373 9.372-24.569 9.372-33.942 0z\"><\/path><\/svg><\/div><\/span><\/div>\n<\/div><\/div>\n<\/div><\/div><\/summary>\n<div class=\"wp-block-stackable-column stk-block-accordion__content stk-block-column stk-column stk-block stk-62b149b\" data-block-id=\"62b149b\"><style>.stk-62b149b .stk-block-column__content{padding-top:0px !important;padding-right:0px !important;padding-bottom:0px !important;padding-left:15px !important}<\/style><div class=\"stk-column-wrapper stk-block-column__content stk-container stk-62b149b-container stk--no-background stk--no-padding\"><div class=\"stk-block-content stk-inner-blocks\">\n<p class=\"has-extra-small-font-size\" style=\"line-height:1.2\"><a rel=\"noreferrer noopener\" href=\"http:\/\/lepuski.fi\/images\/PDFt\/Maxi_tarkistettu%20esitys%20MS031121_LR.pdf\" target=\"_blank\">Muistojen Maxi<\/a> &#8211; Markku Salmi, Lepp\u00e4vaara-seura <\/p>\n<p class=\"has-extra-small-font-size\" style=\"line-height:1.2\"><a href=\"https:\/\/espoonperinneseura.net\/espoo1972\/espoo-1972\/muistoja-espoosta-50-vuoden-takaa\/heli-elorannan-koulumuistoja\/\">Heli Elorannan koulumuistoja<\/a><\/p>\n<p class=\"has-extra-small-font-size\" style=\"line-height:1.2\"><a href=\"https:\/\/espoonperinneseura.net\/espoo1972\/espoo-1972\/muistoja-espoosta-50-vuoden-takaa\/maarika-merojalan-koulumuistoja\/\">Maarika Merojalan koulumuistoja<\/a><\/p>\n<p class=\"has-extra-small-font-size\" style=\"line-height:1.2\"><a href=\"https:\/\/espoonperinneseura.net\/espoo1972\/myllykylan-kansakoulu\/\" data-type=\"page\" data-id=\"1884\">Myllykyl\u00e4n kansakoulu<\/a> &#8211; Martti Hellstr\u00f6m<\/p>\n<p class=\"has-extra-small-font-size\" style=\"line-height:1.2\"><a href=\"https:\/\/espoonperinneseura.net\/espoo1972\/jouko-ja-arto-oksasen-muisteluksia-lapsuutensa-myllykylasta\/\" data-type=\"page\" data-id=\"1884\">Jouko ja Arto Oksasen muisteluksia lapsuutensa Myllykyl\u00e4st\u00e4<\/a> &#8211; Helmi Oksanen<\/p>\n<p class=\"has-extra-small-font-size\" style=\"line-height:1.2\"><a href=\"https:\/\/espoonperinneseura.net\/espoo1972\/muistoja-espoosta\/paula-hiltusen-muistoja-karakalliosta\/\">Paula Hiltusen koulumuistoja Karakalliosta<\/a> &#8211; Oona Kelahaara<\/p>\n<p class=\"has-extra-small-font-size\" style=\"line-height:1.2\"><a href=\"https:\/\/espoonperinneseura.net\/espoo1972\/muistoja-espoosta\/ruukinranta-ennen-ja-vuonna-1972-seka-kaupungistumisen-jalkeen\/\" data-type=\"page\" data-id=\"2164\">Ruukinranta ennen ja vuonna 1972 sek\u00e4 kaupungistumisen j\u00e4lkeen<\/a> &#8211; Leena K\u00e4r\u00e4v\u00e4-Lindgren<\/p>\n<p class=\"has-extra-small-font-size\" style=\"line-height:1.2\"><a href=\"https:\/\/espoonperinneseura.net\/espoo1972\/muistoja-espoosta\/elfvik-lapsen-silmin-kauppalasta-kaupungiksi\/\" data-type=\"page\" data-id=\"2164\">Elfvik lapsen silmin \u2013 kauppalasta kaupungiksi<\/a> &#8211; Seija Rajarinne<\/p>\n<p class=\"has-extra-small-font-size\" style=\"line-height:1.2\"><a href=\"https:\/\/espoonperinneseura.net\/espoo1972\/muistoja-espoosta\/paivakirjaa-vuodelta-1972\/\" data-type=\"page\" data-id=\"2175\">P\u00e4iv\u00e4kirjaa vuodelta 1972<\/a> &#8211; Tytti Hopsu<\/p>\n<\/div><\/div><\/div>\n<\/details>\n\n\n\n<details class=\"wp-block-stackable-accordion stk-block-accordion stk-inner-blocks stk-block-content stk--is-open stk-block stk-012533b\" open data-block-id=\"012533b\">\n<summary class=\"wp-block-stackable-column stk--container-small stk-block-accordion__heading stk-block-column stk-column stk-block stk-df150da\" data-block-id=\"df150da\"><div class=\"stk-column-wrapper stk-block-column__content stk-container stk-df150da-container stk-hover-parent\"><div class=\"stk-block-content stk-inner-blocks\">\n<div class=\"wp-block-stackable-icon-label stk-block-icon-label stk-block stk-f221da1\" data-block-id=\"f221da1\"><div class=\"stk-row stk-inner-blocks stk-block-content\">\n<div class=\"wp-block-stackable-heading stk-block-heading stk-block stk-6c3048c\" data-block-id=\"6c3048c\"><h4 class=\"stk-block-heading__text\">Tapiolan seutu<\/h4><\/div>\n<div class=\"wp-block-stackable-icon stk-block-icon stk-block stk-707d689\" data-block-id=\"707d689\"><span class=\"stk--svg-wrapper\"><div class=\"stk--inner-svg\"><svg style=\"height:0;width:0\"><defs><linearGradient id=\"linear-gradient-707d689\" x1=\"0\" x2=\"100%\" y1=\"0\" y2=\"0\"><stop offset=\"0%\" style=\"stop-opacity:1;stop-color:var(--linear-gradient-707-d-689-color-1)\"><\/stop><stop offset=\"100%\" style=\"stop-opacity:1;stop-color:var(--linear-gradient-707-d-689-color-2)\"><\/stop><\/linearGradient><\/defs><\/svg><svg data-prefix=\"fas\" data-icon=\"chevron-down\" class=\"svg-inline--fa fa-chevron-down fa-w-14\" xmlns=\"http:\/\/www.w3.org\/2000\/svg\" viewBox=\"0 0 448 512\" aria-hidden=\"true\" width=\"32\" height=\"32\"><path fill=\"currentColor\" d=\"M207.029 381.476L12.686 187.132c-9.373-9.373-9.373-24.569 0-33.941l22.667-22.667c9.357-9.357 24.522-9.375 33.901-.04L224 284.505l154.745-154.021c9.379-9.335 24.544-9.317 33.901.04l22.667 22.667c9.373 9.373 9.373 24.569 0 33.941L240.971 381.476c-9.373 9.372-24.569 9.372-33.942 0z\"><\/path><\/svg><\/div><\/span><\/div>\n<\/div><\/div>\n<\/div><\/div><\/summary>\n<div class=\"wp-block-stackable-column stk-block-accordion__content stk-block-column stk-column stk-block stk-03c5e34\" data-block-id=\"03c5e34\"><style>.stk-03c5e34{margin-top:0px !important;margin-right:0px !important;margin-bottom:0px !important;margin-left:0px !important}.stk-03c5e34 .stk-block-column__content{padding-left:15px !important}<\/style><div class=\"stk-column-wrapper stk-block-column__content stk-container stk-03c5e34-container stk--no-background stk--no-padding\"><div class=\"stk-block-content stk-inner-blocks\">\n<p class=\"has-extra-small-font-size\" style=\"line-height:1.2\"><a href=\"https:\/\/espoonperinneseura.net\/espoo1972\/espoo-1972-2\/muistoja-espoosta-50-vuoden-takaa\/juuri-se-hetki\/\">Juuri se hetki<\/a> &#8211; Kari Tiihonen <\/p>\n<p class=\"has-extra-small-font-size\" style=\"line-height:1.2\"><a href=\"https:\/\/espoonperinneseura.net\/espoo1972\/muistoja-espoosta\/8-vuotias-koululainen\/\" data-type=\"page\" data-id=\"2152\">8-vuotias koululainen<\/a> &#8211; Heidi J\u00e4rvinen <\/p>\n<p class=\"has-extra-small-font-size\" style=\"line-height:1.2\"><a href=\"https:\/\/espoonperinneseura.net\/espoo1972\/eraan-teinipojan-elamaa-tapiolassa-50-vuotta-sitten\/\">Teinipojan el\u00e4m\u00e4\u00e4 Tapiolassa<\/a> &#8211; Robert Ramberg <\/p>\n<p class=\"has-extra-small-font-size\" style=\"line-height:1.2\"><a href=\"https:\/\/espoonperinneseura.net\/espoo1972\/penkkariajelun-tunnelmaa-pohjois-espalla\/\" data-type=\"page\" data-id=\"2000\">Penkkariajelun tunnelmaa Pohjois-Espalla<\/a> &#8211; Anne Varkkola<\/p>\n<p class=\"has-extra-small-font-size\" style=\"line-height:1.2\"><a href=\"https:\/\/espoonperinneseura.net\/espoo1972\/muistoja-espoosta\/pelto-elviksesta-kaupunkilaiseksi\/\" data-type=\"page\" data-id=\"2081\">Pelto-Elviksest\u00e4 kaupunkilaiseksi<\/a> &#8211; Jari Hirvonen<\/p>\n<p class=\"has-extra-small-font-size\" style=\"line-height:1.2\"><a href=\"https:\/\/espoonperinneseura.net\/espoo1972\/opiskelija-ja-tyoelamaa-otaniemessa-1970-luvulla\/\" data-type=\"page\" data-id=\"2081\">Opiskelija- ja ty\u00f6el\u00e4m\u00e4\u00e4 Otaniemess\u00e4<\/a> &#8211; Esko Uotila<\/p>\n<p class=\"has-extra-small-font-size\" style=\"line-height:1.2\"><a href=\"https:\/\/espoonperinneseura.net\/espoo1972\/laajalahti-1972\/\" data-type=\"page\" data-id=\"2164\">Laajalahti 1972<\/a> &#8211; Heli Nikunen<\/p>\n<p class=\"has-extra-small-font-size\" style=\"line-height:1.2\"><a href=\"https:\/\/espoonperinneseura.net\/espoo1972\/muistoja-espoosta\/muistelmia-1970-luvun-alkupuoliskolta\/\" data-type=\"page\" data-id=\"2164\">Muistelmia 1970-luvun alkupuoliskolta<\/a> &#8211; Mirka Juutilainen<\/p>\n<p class=\"has-extra-small-font-size\" style=\"line-height:1.2\"><a href=\"https:\/\/espoonperinneseura.net\/espoo1972\/muistoja-espoosta\/virkea-niittykumpu\/\" data-type=\"page\" data-id=\"2164\">Virke\u00e4 Niittykumpu<\/a> &#8211; Tapani Hovi<\/p>\n<p class=\"has-extra-small-font-size\" style=\"line-height:1.2\"><a href=\"https:\/\/espoonperinneseura.net\/espoo1972\/muistoja-espoosta\/muisteloita-50-vuoden-ajalta-kesalla-2022\/\" data-type=\"page\" data-id=\"2164\">Muisteloita 50 vuoden ajalta kes\u00e4ll\u00e4 2022<\/a> &#8211; Lea Siivola<\/p>\n<p class=\"has-extra-small-font-size\" style=\"line-height:1.2\"><a href=\"https:\/\/espoonperinneseura.net\/espoo1972\/muistoja-espoosta\/mankkaa-50-vuotta-sitten\/\" data-type=\"page\" data-id=\"2164\">Mankkaa 50 vuotta sitten<\/a> &#8211; Markku Melkko<\/p>\n<\/div><\/div><\/div>\n<\/details>\n\n\n\n<details class=\"wp-block-stackable-accordion stk-block-accordion stk-inner-blocks stk-block-content stk--is-open stk-block stk-105a4ac\" open data-block-id=\"105a4ac\">\n<summary class=\"wp-block-stackable-column stk--container-small stk-block-accordion__heading stk-block-column stk-column stk-block stk-a0e2fef\" data-block-id=\"a0e2fef\"><div class=\"stk-column-wrapper stk-block-column__content stk-container stk-a0e2fef-container stk-hover-parent\"><div class=\"stk-block-content stk-inner-blocks\">\n<div class=\"wp-block-stackable-icon-label stk-block-icon-label stk-block stk-f67e9fe\" data-block-id=\"f67e9fe\"><div class=\"stk-row stk-inner-blocks stk-block-content\">\n<div class=\"wp-block-stackable-heading stk-block-heading stk-block stk-a69836b\" data-block-id=\"a69836b\"><h4 class=\"stk-block-heading__text\">Matinkyl\u00e4n seutu<\/h4><\/div>\n<div class=\"wp-block-stackable-icon stk-block-icon stk-block stk-365174d\" data-block-id=\"365174d\"><span class=\"stk--svg-wrapper\"><div class=\"stk--inner-svg\"><svg style=\"height:0;width:0\"><defs><linearGradient id=\"linear-gradient-365174d\" x1=\"0\" x2=\"100%\" y1=\"0\" y2=\"0\"><stop offset=\"0%\" style=\"stop-opacity:1;stop-color:var(--linear-gradient-365174-d-color-1)\"><\/stop><stop offset=\"100%\" style=\"stop-opacity:1;stop-color:var(--linear-gradient-365174-d-color-2)\"><\/stop><\/linearGradient><\/defs><\/svg><svg data-prefix=\"fas\" data-icon=\"chevron-down\" class=\"svg-inline--fa fa-chevron-down fa-w-14\" xmlns=\"http:\/\/www.w3.org\/2000\/svg\" viewBox=\"0 0 448 512\" aria-hidden=\"true\" width=\"32\" height=\"32\"><path fill=\"currentColor\" d=\"M207.029 381.476L12.686 187.132c-9.373-9.373-9.373-24.569 0-33.941l22.667-22.667c9.357-9.357 24.522-9.375 33.901-.04L224 284.505l154.745-154.021c9.379-9.335 24.544-9.317 33.901.04l22.667 22.667c9.373 9.373 9.373 24.569 0 33.941L240.971 381.476c-9.373 9.372-24.569 9.372-33.942 0z\"><\/path><\/svg><\/div><\/span><\/div>\n<\/div><\/div>\n<\/div><\/div><\/summary>\n<div class=\"wp-block-stackable-column stk-block-accordion__content stk-block-column stk-column stk-block stk-6c8ac40\" data-block-id=\"6c8ac40\"><style>.stk-6c8ac40{margin-top:0px !important;margin-right:0px !important;margin-bottom:0px !important;margin-left:0px !important}.stk-6c8ac40 .stk-block-column__content{padding-left:15px !important}<\/style><div class=\"stk-column-wrapper stk-block-column__content stk-container stk-6c8ac40-container stk--no-background stk--no-padding\"><div class=\"stk-block-content stk-inner-blocks\">\n<p class=\"has-extra-small-font-size\" style=\"line-height:1.2\"><a href=\"https:\/\/espoonperinneseura.net\/espoo1972\/muistoja-espoosta\/matinkylan-lahihistoriasta\/\" data-type=\"page\" data-id=\"2319\">Matinkyl\u00e4n l\u00e4hihistoriasta<\/a> &#8211; Antero Krekola<\/p>\n<p class=\"has-extra-small-font-size\" style=\"line-height:1.2\"><a href=\"https:\/\/espoonperinneseura.net\/espoo1972\/muistoja-espoosta\/matinkyla-rules\/\" data-type=\"page\" data-id=\"2319\">Matinkyl\u00e4 rules!<\/a> &#8211; Ruben Stiller<\/p>\n<p class=\"has-extra-small-font-size\" style=\"line-height:1.2\"><a href=\"https:\/\/espoonperinneseura.net\/espoo1972\/muistoja-espoosta\/taskumatti-rakkaani\/\" data-type=\"page\" data-id=\"2326\">Taskumatti &#8211; rakkaani<\/a> &#8211; Antero Krekola<\/p>\n<p class=\"has-extra-small-font-size\" style=\"line-height:1.2\"><a href=\"https:\/\/espoonperinneseura.net\/espoo1972\/muistoja-espoosta\/muistoja-matinlahdenkatu-3-yhtiosta\/\" data-type=\"page\" data-id=\"2331\">Muistoja Matinlahdenkatu 3 yhti\u00f6st\u00e4<\/a> &#8211; Arja af Heurlin <\/p>\n<p class=\"has-extra-small-font-size\" style=\"line-height:1.2\"><a href=\"https:\/\/espoonperinneseura.net\/espoo1972\/muistoja-espoosta\/muistoja-nokkalasta\/\" data-type=\"page\" data-id=\"2334\">Muistoja Nokkalasta<\/a> &#8211; Michael Ballhorn<\/p>\n<p class=\"has-extra-small-font-size\" style=\"line-height:1.2\"><a href=\"https:\/\/espoonperinneseura.net\/espoo1972\/lillhemt-vuonna-1972\" data-type=\"page\">Lillhemt vuonna 1972<\/a> &#8211; Tapani Hovi <\/p>\n<p class=\"has-extra-small-font-size\" style=\"line-height:1.2\"><a href=\"https:\/\/espoonperinneseura.net\/espoo1972\/muistoja-espoosta\/olari-1972\/\" data-type=\"page\">Olari 1972<\/a> &#8211; Sirkku D\u00f6lle <\/p>\n<p class=\"has-extra-small-font-size\" style=\"line-height:1.2\"><a href=\"https:\/\/espoonperinneseura.net\/espoo1972\/muistoja-espoosta\/kolme-sukupolvea-saman-katon-alla-olarissa-1972\/\" data-type=\"page\" data-id=\"3941\">Kolme sukupolvea saman katon alla Olarissa 1972<\/a> &#8211; Sirkku D\u00f6lle <\/p>\n<\/div><\/div><\/div>\n<\/details>\n\n\n\n<details class=\"wp-block-stackable-accordion stk-block-accordion stk-inner-blocks stk-block-content stk--is-open stk-block stk-7405336\" open data-block-id=\"7405336\">\n<summary class=\"wp-block-stackable-column stk--container-small stk-block-accordion__heading stk-block-column stk-column stk-block stk-476bc44\" data-block-id=\"476bc44\"><div class=\"stk-column-wrapper stk-block-column__content stk-container stk-476bc44-container stk-hover-parent\"><div class=\"stk-block-content stk-inner-blocks\">\n<div class=\"wp-block-stackable-icon-label stk-block-icon-label stk-block stk-57267aa\" data-block-id=\"57267aa\"><div class=\"stk-row stk-inner-blocks stk-block-content\">\n<div class=\"wp-block-stackable-heading stk-block-heading stk-block stk-494664a\" data-block-id=\"494664a\"><h4 class=\"stk-block-heading__text\">Espoonlahden seutu<\/h4><\/div>\n<div class=\"wp-block-stackable-icon stk-block-icon stk-block stk-d03faca\" data-block-id=\"d03faca\"><span class=\"stk--svg-wrapper\"><div class=\"stk--inner-svg\"><svg style=\"height:0;width:0\"><defs><linearGradient id=\"linear-gradient-d03faca\" x1=\"0\" x2=\"100%\" y1=\"0\" y2=\"0\"><stop offset=\"0%\" style=\"stop-opacity:1;stop-color:var(--linear-gradient-d-03-faca-color-1)\"><\/stop><stop offset=\"100%\" style=\"stop-opacity:1;stop-color:var(--linear-gradient-d-03-faca-color-2)\"><\/stop><\/linearGradient><\/defs><\/svg><svg data-prefix=\"fas\" data-icon=\"chevron-down\" class=\"svg-inline--fa fa-chevron-down fa-w-14\" xmlns=\"http:\/\/www.w3.org\/2000\/svg\" viewBox=\"0 0 448 512\" aria-hidden=\"true\" width=\"32\" height=\"32\"><path fill=\"currentColor\" d=\"M207.029 381.476L12.686 187.132c-9.373-9.373-9.373-24.569 0-33.941l22.667-22.667c9.357-9.357 24.522-9.375 33.901-.04L224 284.505l154.745-154.021c9.379-9.335 24.544-9.317 33.901.04l22.667 22.667c9.373 9.373 9.373 24.569 0 33.941L240.971 381.476c-9.373 9.372-24.569 9.372-33.942 0z\"><\/path><\/svg><\/div><\/span><\/div>\n<\/div><\/div>\n<\/div><\/div><\/summary>\n<div class=\"wp-block-stackable-column stk-block-accordion__content stk-block-column stk-column stk-block stk-61176aa\" data-block-id=\"61176aa\"><style>.stk-61176aa{margin-top:0px !important;margin-right:0px !important;margin-bottom:0px !important;margin-left:0px !important}.stk-61176aa .stk-block-column__content{padding-left:15px !important}<\/style><div class=\"stk-column-wrapper stk-block-column__content stk-container stk-61176aa-container stk--no-background stk--no-padding\"><div class=\"stk-block-content stk-inner-blocks\">\n<p class=\"has-extra-small-font-size\" style=\"line-height:1.2\"><a href=\"https:\/\/espoonperinneseura.net\/espoo1972\/muistojani-vuodesta-1972\/\">Muistojani vuodelta 1972<\/a> &#8211; Tarja Rae <\/p>\n<p class=\"has-extra-small-font-size\" style=\"line-height:1.2\"><a href=\"https:\/\/espoonperinneseura.net\/espoo1972\/muistoja-espoosta\/elamaa-noykkiossa-50-vuotta-sitten-nuorten-kokemana\/\">El\u00e4m\u00e4\u00e4 N\u00f6ykki\u00f6ss\u00e4 50 vuotta sitten nuorten kokemana<\/a> &#8211; Risto Nevalainen ja Antti J\u00e4rvinen<\/p>\n<p class=\"has-extra-small-font-size\" style=\"line-height:1.2\"><a href=\"https:\/\/espoonperinneseura.net\/espoo1972\/muistoja-espoosta\/espoo-50-v-sitten-kaupungiksi-markku-sistosen-muisteluhaastattelu\/\">Espoo 50 vuotta sitten kaupungiksi: Markku Sistosen muisteluhaastattelu<\/a> &#8211; Antti J\u00e4rvinen <\/p>\n<\/div><\/div><\/div>\n<\/details>\n\n\n\n<details class=\"wp-block-stackable-accordion stk-block-accordion stk-inner-blocks stk-block-content stk--is-open stk-block stk-61c4afa\" open data-block-id=\"61c4afa\">\n<summary class=\"wp-block-stackable-column stk--container-small stk-block-accordion__heading stk-block-column stk-column stk-block stk-4d52cfe\" data-block-id=\"4d52cfe\"><div class=\"stk-column-wrapper stk-block-column__content stk-container stk-4d52cfe-container stk-hover-parent\"><div class=\"stk-block-content stk-inner-blocks\">\n<div class=\"wp-block-stackable-icon-label stk-block-icon-label stk-block stk-77a9769\" data-block-id=\"77a9769\"><div class=\"stk-row stk-inner-blocks stk-block-content\">\n<div class=\"wp-block-stackable-heading stk-block-heading stk-block stk-2c51608\" data-block-id=\"2c51608\"><h4 class=\"stk-block-heading__text\">Kauklahden seutu<\/h4><\/div>\n<div class=\"wp-block-stackable-icon stk-block-icon stk-block stk-8d0450b\" data-block-id=\"8d0450b\"><span class=\"stk--svg-wrapper\"><div class=\"stk--inner-svg\"><svg style=\"height:0;width:0\"><defs><linearGradient id=\"linear-gradient-8d0450b\" x1=\"0\" x2=\"100%\" y1=\"0\" y2=\"0\"><stop offset=\"0%\" style=\"stop-opacity:1;stop-color:var(--linear-gradient-8-d-0450-b-color-1)\"><\/stop><stop offset=\"100%\" style=\"stop-opacity:1;stop-color:var(--linear-gradient-8-d-0450-b-color-2)\"><\/stop><\/linearGradient><\/defs><\/svg><svg data-prefix=\"fas\" data-icon=\"chevron-down\" class=\"svg-inline--fa fa-chevron-down fa-w-14\" xmlns=\"http:\/\/www.w3.org\/2000\/svg\" viewBox=\"0 0 448 512\" aria-hidden=\"true\" width=\"32\" height=\"32\"><path fill=\"currentColor\" d=\"M207.029 381.476L12.686 187.132c-9.373-9.373-9.373-24.569 0-33.941l22.667-22.667c9.357-9.357 24.522-9.375 33.901-.04L224 284.505l154.745-154.021c9.379-9.335 24.544-9.317 33.901.04l22.667 22.667c9.373 9.373 9.373 24.569 0 33.941L240.971 381.476c-9.373 9.372-24.569 9.372-33.942 0z\"><\/path><\/svg><\/div><\/span><\/div>\n<\/div><\/div>\n<\/div><\/div><\/summary>\n<div class=\"wp-block-stackable-column stk-block-accordion__content stk-block-column stk-column stk-block stk-574730f\" data-block-id=\"574730f\"><style>.stk-574730f{margin-top:0px !important;margin-right:0px !important;margin-bottom:0px !important;margin-left:0px !important}.stk-574730f .stk-block-column__content{padding-left:15px !important}<\/style><div class=\"stk-column-wrapper stk-block-column__content stk-container stk-574730f-container stk--no-background stk--no-padding\"><div class=\"stk-block-content stk-inner-blocks\">\n<p class=\"has-extra-small-font-size\" style=\"line-height:1.2\"><a href=\"https:\/\/espoonperinneseura.net\/espoo1972\/kauklahti-puikkarista-katsottuna-vuonna-1972\/\" data-type=\"page\" data-id=\"2191\">Kauklahti Puikkarista katsottuna vuonna 1972<\/a> &#8211; Esa Lahtinen<\/p>\n<\/div><\/div><\/div>\n<\/details>\n\n\n\n<details class=\"wp-block-stackable-accordion stk-block-accordion stk-inner-blocks stk-block-content stk--is-open stk-block stk-06575be\" open data-block-id=\"06575be\">\n<summary class=\"wp-block-stackable-column stk--container-small stk-block-accordion__heading stk-block-column stk-column stk-block stk-42578a6\" data-block-id=\"42578a6\"><div class=\"stk-column-wrapper stk-block-column__content stk-container stk-42578a6-container stk-hover-parent\"><div class=\"stk-block-content stk-inner-blocks\">\n<div class=\"wp-block-stackable-icon-label stk-block-icon-label stk-block stk-6b8fbdd\" data-block-id=\"6b8fbdd\"><div class=\"stk-row stk-inner-blocks stk-block-content\">\n<div class=\"wp-block-stackable-heading stk-block-heading stk-block stk-dcf6f42\" data-block-id=\"dcf6f42\"><h4 class=\"stk-block-heading__text\">Vanha-Espoo<\/h4><\/div>\n<div class=\"wp-block-stackable-icon stk-block-icon stk-block stk-d01e2f9\" data-block-id=\"d01e2f9\"><span class=\"stk--svg-wrapper\"><div class=\"stk--inner-svg\"><svg style=\"height:0;width:0\"><defs><linearGradient id=\"linear-gradient-d01e2f9\" x1=\"0\" x2=\"100%\" y1=\"0\" y2=\"0\"><stop offset=\"0%\" style=\"stop-opacity:1;stop-color:var(--linear-gradient-d-01-e-2-f-9-color-1)\"><\/stop><stop offset=\"100%\" style=\"stop-opacity:1;stop-color:var(--linear-gradient-d-01-e-2-f-9-color-2)\"><\/stop><\/linearGradient><\/defs><\/svg><svg data-prefix=\"fas\" data-icon=\"chevron-down\" class=\"svg-inline--fa fa-chevron-down fa-w-14\" xmlns=\"http:\/\/www.w3.org\/2000\/svg\" viewBox=\"0 0 448 512\" aria-hidden=\"true\" width=\"32\" height=\"32\"><path fill=\"currentColor\" d=\"M207.029 381.476L12.686 187.132c-9.373-9.373-9.373-24.569 0-33.941l22.667-22.667c9.357-9.357 24.522-9.375 33.901-.04L224 284.505l154.745-154.021c9.379-9.335 24.544-9.317 33.901.04l22.667 22.667c9.373 9.373 9.373 24.569 0 33.941L240.971 381.476c-9.373 9.372-24.569 9.372-33.942 0z\"><\/path><\/svg><\/div><\/span><\/div>\n<\/div><\/div>\n<\/div><\/div><\/summary>\n<div class=\"wp-block-stackable-column stk-block-accordion__content stk-block-column stk-column stk-block stk-54add86\" data-block-id=\"54add86\"><style>.stk-54add86{margin-top:0px !important;margin-right:0px !important;margin-bottom:0px !important;margin-left:0px !important}.stk-54add86 .stk-block-column__content{padding-left:15px !important}<\/style><div class=\"stk-column-wrapper stk-block-column__content stk-container stk-54add86-container stk--no-background stk--no-padding\"><div class=\"stk-block-content stk-inner-blocks\">\n<p class=\"has-extra-small-font-size\" style=\"line-height:1.2\"><a href=\"https:\/\/espoonperinneseura.net\/espoo1972\/muistoja-espoosta\/kantatilat-rakentuivat-lahioiksi-keski-espoossa-1970-luvulta-alkaen\/\">Kantatilat rakentuivat l\u00e4hi\u00f6iksi Keski-Espoossa 1970-luvulta alkaen<\/a> &#8211; Pirkko Sillanp\u00e4\u00e4<\/p>\n<p class=\"has-extra-small-font-size\" style=\"line-height:1.2\"><a href=\"https:\/\/espoonperinneseura.net\/espoo1972\/muistoja-espoosta\/kauppalantalosta-kaupungintaloksi-vuonna-1972\/\">Kauppalantalosta kaupungintaloksi vuonna 1972<\/a> &#8211; Pirkko Sillanp\u00e4\u00e4<\/p>\n<p class=\"has-extra-small-font-size\" style=\"line-height:1.2\"><a href=\"https:\/\/espoonperinneseura.net\/espoo1972\/rontgenhoitajana-muuralan-sairaalassa\/\">R\u00f6ntgenhoitajana Muuralan sairaalassa<\/a> &#8211; Hilkka Luomanp\u00e4\u00e4 <\/p>\n<p class=\"has-extra-small-font-size\" style=\"line-height:1.2\"><a href=\"https:\/\/espoonperinneseura.net\/espoo1972\/espoo-1972-2\/muistoja-espoosta-50-vuoden-takaa\/kirstinmaki-1970-luvulla\/\">Kirstinm\u00e4ki 1970-luvulla<\/a> &#8211; Nina M\u00e4kel\u00e4<\/p>\n<p class=\"has-extra-small-font-size\" style=\"line-height:1.2\"><a href=\"https:\/\/espoonperinneseura.net\/espoo1972\/muistoja-espoosta\/muistoja-kirstinmaelta-espoon-kaupungiksitulon-ajoilta\/\">Muistoja Kirstinm\u00e4elt\u00e4 Espoon kaupungiksitulon ajoilta<\/a> &#8211; Maija Haataja, Pirkko Sillanp\u00e4\u00e4<\/p>\n<p class=\"has-extra-small-font-size\" style=\"line-height:1.2\"><a href=\"https:\/\/espoonperinneseura.net\/espoo1972\/muistoja-espoosta\/minnen-fran-skoltiden\/\">Minnen fr\u00e5n skoltiden<\/a> &#8211; Ann-Christin Lintula<\/p>\n<p class=\"has-extra-small-font-size\" style=\"line-height:1.2\"><a href=\"https:\/\/espoonperinneseura.net\/espoo1972\/muistoja-espoosta\/nokkeluus-pelasti-sauna-aiheiset-kadunnimet\/\">Nokkeluus pelasti sauna-aiheiset kadunnimet<\/a> &#8211; Ann-Christin Lintula<\/p>\n<p class=\"has-extra-small-font-size\" style=\"line-height:1.2\"><a href=\"https:\/\/espoonperinneseura.net\/espoo1972\/muistoja-espoosta\/nar-jag-fick-halla-tal-for-den-nya-staden-esbo\/\">N\u00e4r jag fick h\u00e5lla tal f\u00f6r den nya staden Esbo<\/a> &#8211; Henry Rask<\/p>\n<p class=\"has-extra-small-font-size\" style=\"line-height:1.2\"><a href=\"https:\/\/espoonperinneseura.net\/espoo1972\/muistoja-espoosta\/nuuksion-nuoriso-nakyi-ja-kuului-50-vuotta-sitten\/\">Nuuksion nuoriso n\u00e4kyi ja kuului 50 vuotta sitten<\/a> &#8211; Timo Rauhanen<\/p>\n<\/div><\/div><\/div>\n<\/details>\n\n\n\n<details class=\"wp-block-stackable-accordion stk-block-accordion stk-inner-blocks stk-block-content stk--is-open stk-block stk-432efb1\" open data-block-id=\"432efb1\">\n<summary class=\"wp-block-stackable-column stk--container-small stk-block-accordion__heading stk-block-column stk-column stk-block stk-c5abbbc\" data-block-id=\"c5abbbc\"><div class=\"stk-column-wrapper stk-block-column__content stk-container stk-c5abbbc-container stk-hover-parent\"><div class=\"stk-block-content stk-inner-blocks\">\n<div class=\"wp-block-stackable-icon-label stk-block-icon-label stk-block stk-adab94b\" data-block-id=\"adab94b\"><div class=\"stk-row stk-inner-blocks stk-block-content\">\n<div class=\"wp-block-stackable-heading stk-block-heading stk-block stk-d9d14a9\" data-block-id=\"d9d14a9\"><h4 class=\"stk-block-heading__text\">Pohjois-Espoo<\/h4><\/div>\n<div class=\"wp-block-stackable-icon stk-block-icon stk-block stk-c29631e\" data-block-id=\"c29631e\"><span class=\"stk--svg-wrapper\"><div class=\"stk--inner-svg\"><svg style=\"height:0;width:0\"><defs><linearGradient id=\"linear-gradient-c29631e\" x1=\"0\" x2=\"100%\" y1=\"0\" y2=\"0\"><stop offset=\"0%\" style=\"stop-opacity:1;stop-color:var(--linear-gradient-c-29631-e-color-1)\"><\/stop><stop offset=\"100%\" style=\"stop-opacity:1;stop-color:var(--linear-gradient-c-29631-e-color-2)\"><\/stop><\/linearGradient><\/defs><\/svg><svg data-prefix=\"fas\" data-icon=\"chevron-down\" class=\"svg-inline--fa fa-chevron-down fa-w-14\" xmlns=\"http:\/\/www.w3.org\/2000\/svg\" viewBox=\"0 0 448 512\" aria-hidden=\"true\" width=\"32\" height=\"32\"><path fill=\"currentColor\" d=\"M207.029 381.476L12.686 187.132c-9.373-9.373-9.373-24.569 0-33.941l22.667-22.667c9.357-9.357 24.522-9.375 33.901-.04L224 284.505l154.745-154.021c9.379-9.335 24.544-9.317 33.901.04l22.667 22.667c9.373 9.373 9.373 24.569 0 33.941L240.971 381.476c-9.373 9.372-24.569 9.372-33.942 0z\"><\/path><\/svg><\/div><\/span><\/div>\n<\/div><\/div>\n<\/div><\/div><\/summary>\n<div class=\"wp-block-stackable-column stk-block-accordion__content stk-block-column stk-column stk-block stk-25812bb\" data-block-id=\"25812bb\"><style>.stk-25812bb{margin-top:0px !important;margin-right:0px !important;margin-bottom:0px !important;margin-left:0px !important}.stk-25812bb .stk-block-column__content{padding-left:15px !important}<\/style><div class=\"stk-column-wrapper stk-block-column__content stk-container stk-25812bb-container stk--no-background stk--no-padding\"><div class=\"stk-block-content stk-inner-blocks\"><\/div><\/div><\/div>\n<\/details>\n<\/div>\n<\/div>\n<\/div><\/div>\n\n\n\n<p style=\"line-height:1\"><a href=\"https:\/\/espoonperinneseura.net\/espoo1972\/uutiset\/\">Uutiset<\/a><\/p>\n\n\n\n<div class=\"wp-block-stackable-columns stk-block-columns stk-block stk-1ba74de\" data-block-id=\"1ba74de\"><div class=\"stk-row stk-inner-blocks stk-block-content stk-content-align stk-1ba74de-column\">\n\n<div class=\"wp-block-stackable-column stk-block-column stk-column stk-block stk-c270b68\" data-block-id=\"c270b68\"><div class=\"stk-column-wrapper stk-block-column__content stk-container stk-c270b68-container stk--no-background stk--no-padding\"><div class=\"stk-block-content stk-inner-blocks\">\n<ul class=\"wp-block-latest-posts__list is-grid columns-2 has-dates wp-block-latest-posts\"><li><a class=\"wp-block-latest-posts__post-title\" href=\"https:\/\/espoonperinneseura.net\/espoo1972\/2022\/12\/22\/espoo-50-vuotta-kaupunkina-juhlavuosi-on-paattymassa\/\">Espoo 50 vuotta kaupunkina -juhlavuosi on p\u00e4\u00e4ttym\u00e4ss\u00e4<\/a><time datetime=\"2022-12-22T20:24:47+02:00\" class=\"wp-block-latest-posts__post-date\">22.12.2022<\/time><div class=\"wp-block-latest-posts__post-excerpt\">Vuonna 2022 olemme juhlineet Espoon 50 vuotta kaupunkina. Espoon perinneseuran teemasivustolle on tuotettu runsaasti tietoa Espoon l\u00e4hihistoriasta ja tallennettu espoolaisten&hellip; <a class=\"more-link\" href=\"https:\/\/espoonperinneseura.net\/espoo1972\/2022\/12\/22\/espoo-50-vuotta-kaupunkina-juhlavuosi-on-paattymassa\/\">Jatka lukemista <span class=\"screen-reader-text\">Espoo 50 vuotta kaupunkina -juhlavuosi on p\u00e4\u00e4ttym\u00e4ss\u00e4<\/span><\/a><\/div><\/li>\n<li><a class=\"wp-block-latest-posts__post-title\" href=\"https:\/\/espoonperinneseura.net\/espoo1972\/2022\/08\/21\/uutta-lisaltoa-historiapolku-ja-koulutus-espoossa-1970-2020-luvuilla\/\">Uutta sis\u00e4lt\u00f6\u00e4: Historiapolku ja Koulutus Espoossa 1970-2020-luvuilla<\/a><time datetime=\"2022-08-21T15:00:57+03:00\" class=\"wp-block-latest-posts__post-date\">21.8.2022<\/time><div class=\"wp-block-latest-posts__post-excerpt\">Perinneseura otti vastaan Kaupunkitapahtumat Espoon haasteen laatia 10 historiataulua historiapolulle, joka oli esill\u00e4 Espoo juhlii! -viikon Juhlakarnevaaleilla 22.-27.8.2022 viidess\u00e4 tapahtumassa&hellip; <a class=\"more-link\" href=\"https:\/\/espoonperinneseura.net\/espoo1972\/2022\/08\/21\/uutta-lisaltoa-historiapolku-ja-koulutus-espoossa-1970-2020-luvuilla\/\">Jatka lukemista <span class=\"screen-reader-text\">Uutta sis\u00e4lt\u00f6\u00e4: Historiapolku ja Koulutus Espoossa 1970-2020-luvuilla<\/span><\/a><\/div><\/li>\n<li><a class=\"wp-block-latest-posts__post-title\" href=\"https:\/\/espoonperinneseura.net\/espoo1972\/2022\/07\/29\/espoo-juhlii-%e2%80%91viikko-ja-espoo-paiva-lahestyvat\/\">Espoo juhlii! \u2011viikko ja Espoo-p\u00e4iv\u00e4 l\u00e4hestyv\u00e4t<\/a><time datetime=\"2022-07-29T10:00:00+03:00\" class=\"wp-block-latest-posts__post-date\">29.7.2022<\/time><div class=\"wp-block-latest-posts__post-excerpt\">Espoon juhlavuosi huipentuu 22.-27.8. vietett\u00e4v\u00e4\u00e4n Espoo juhlii! \u2011viikkoon, jonka p\u00e4\u00e4tt\u00e4\u00e4 Espoo-p\u00e4iv\u00e4 lauantaina&nbsp;27.8. Espoolaiset asukkaat, yhdistykset, yritykset, kaupunki ja muut toimijat&hellip; <a class=\"more-link\" href=\"https:\/\/espoonperinneseura.net\/espoo1972\/2022\/07\/29\/espoo-juhlii-%e2%80%91viikko-ja-espoo-paiva-lahestyvat\/\">Jatka lukemista <span class=\"screen-reader-text\">Espoo juhlii! \u2011viikko ja Espoo-p\u00e4iv\u00e4 l\u00e4hestyv\u00e4t<\/span><\/a><\/div><\/li>\n<li><a class=\"wp-block-latest-posts__post-title\" href=\"https:\/\/espoonperinneseura.net\/espoo1972\/2022\/07\/08\/espoo-1972-perinteenkeruu-jatkuu\/\">Espoo 1972 -perinteenkeruu jatkuu<\/a><time datetime=\"2022-07-08T05:49:33+03:00\" class=\"wp-block-latest-posts__post-date\">8.7.2022<\/time><div class=\"wp-block-latest-posts__post-excerpt\">Espoo 1972 -sivuilla on uutta sis\u00e4lt\u00f6\u00e4 mm. Keski-Espoosta, Olarista, Ruukinrannasta ja Nuuksiosta. Kiitos hienoista muistoista ja kertomuksista! Perinteenkeruu jatkuu! Uutta&hellip; <a class=\"more-link\" href=\"https:\/\/espoonperinneseura.net\/espoo1972\/2022\/07\/08\/espoo-1972-perinteenkeruu-jatkuu\/\">Jatka lukemista <span class=\"screen-reader-text\">Espoo 1972 -perinteenkeruu jatkuu<\/span><\/a><\/div><\/li>\n<li><a class=\"wp-block-latest-posts__post-title\" href=\"https:\/\/espoonperinneseura.net\/espoo1972\/2022\/05\/19\/espoo-1972-juhlaseminaari-11-5-2022\/\">Espoo 1972 -juhlaseminaari 11.5.2022<\/a><time datetime=\"2022-05-19T09:39:33+03:00\" class=\"wp-block-latest-posts__post-date\">19.5.2022<\/time><div class=\"wp-block-latest-posts__post-excerpt\">Espoon perinneseura ja lukuisat kotiseutuperinteest\u00e4 kiinnostuneet kaupunginosa- ja asukasyhdistykset kokoontuivat 11.5.2022 Sellon kirjastoon esittelem\u00e4\u00e4n Espoo 1972 -hankkeessa ker\u00e4\u00e4mi\u00e4\u00e4n muistoja Espoosta&hellip; <a class=\"more-link\" href=\"https:\/\/espoonperinneseura.net\/espoo1972\/2022\/05\/19\/espoo-1972-juhlaseminaari-11-5-2022\/\">Jatka lukemista <span class=\"screen-reader-text\">Espoo 1972 -juhlaseminaari 11.5.2022<\/span><\/a><\/div><\/li>\n<li><a class=\"wp-block-latest-posts__post-title\" href=\"https:\/\/espoonperinneseura.net\/espoo1972\/2022\/05\/11\/espoo-1972-juhlaseminaarikutsu-11-5-2022\/\">Kutsu Espoo 1972 -juhlaseminaariin 11.5.2022<\/a><time datetime=\"2022-05-11T17:30:00+03:00\" class=\"wp-block-latest-posts__post-date\">11.5.2022<\/time><div class=\"wp-block-latest-posts__post-excerpt\">Kaikille avoin Espoo 1972 -juhlaseminaari j\u00e4rjestet\u00e4\u00e4n keskiviikkona 11.5.2022 klo 17.30 \u2013 19.30 Sellon kirjaston lavalla. Millainen Espoo oli 50 vuotta&hellip; <a class=\"more-link\" href=\"https:\/\/espoonperinneseura.net\/espoo1972\/2022\/05\/11\/espoo-1972-juhlaseminaarikutsu-11-5-2022\/\">Jatka lukemista <span class=\"screen-reader-text\">Kutsu Espoo 1972 -juhlaseminaariin 11.5.2022<\/span><\/a><\/div><\/li>\n<\/ul>\n<\/div><\/div><\/div>\n\n<\/div><\/div>\n\n\n\n\n\n\n","protected":false},"excerpt":{"rendered":"<p>Espoo 50 vuotta kaupunkina Espoon kaupunki t\u00e4ytti 50 vuotta 1.1.2022. Espoo 1972 -hanke kuuluu Espoo 50 vuotta kaupunkina -vuoden ohjelmistoon.Juhlan aika: Espoo t\u00e4ytt\u00e4\u00e4 50 vuotta kaupunkina Esittelyfilmi Espoosta vuodelta 1971 Aikajana Espoon vuodesta 1972 Tietovisa: Espoo 50 vuotta kaupunkina L\u00e4het\u00e4 muistoja50 vuoden takaa Tuoreimmat uutiset Espoo 50 vuotta sitten Kasvu kaupungiksi Espoosta tuli kauppala vuonna&hellip; <a class=\"more-link\" href=\"https:\/\/espoonperinneseura.net\/espoo1972\/\">Jatka lukemista <span class=\"screen-reader-text\">Espoo 1972<\/span><\/a><\/p>\n","protected":false},"author":1,"featured_media":0,"parent":0,"menu_order":22,"comment_status":"closed","ping_status":"closed","template":"","meta":{"_eb_attr":"","_exactmetrics_skip_tracking":false,"_exactmetrics_sitenote_active":false,"_exactmetrics_sitenote_note":"","_exactmetrics_sitenote_category":0,"footnotes":""},"class_list":["post-5","page","type-page","status-publish","hentry","entry"],"_links":{"self":[{"href":"https:\/\/espoonperinneseura.net\/espoo1972\/wp-json\/wp\/v2\/pages\/5","targetHints":{"allow":["GET"]}}],"collection":[{"href":"https:\/\/espoonperinneseura.net\/espoo1972\/wp-json\/wp\/v2\/pages"}],"about":[{"href":"https:\/\/espoonperinneseura.net\/espoo1972\/wp-json\/wp\/v2\/types\/page"}],"author":[{"embeddable":true,"href":"https:\/\/espoonperinneseura.net\/espoo1972\/wp-json\/wp\/v2\/users\/1"}],"replies":[{"embeddable":true,"href":"https:\/\/espoonperinneseura.net\/espoo1972\/wp-json\/wp\/v2\/comments?post=5"}],"version-history":[{"count":436,"href":"https:\/\/espoonperinneseura.net\/espoo1972\/wp-json\/wp\/v2\/pages\/5\/revisions"}],"predecessor-version":[{"id":4191,"href":"https:\/\/espoonperinneseura.net\/espoo1972\/wp-json\/wp\/v2\/pages\/5\/revisions\/4191"}],"wp:attachment":[{"href":"https:\/\/espoonperinneseura.net\/espoo1972\/wp-json\/wp\/v2\/media?parent=5"}],"curies":[{"name":"wp","href":"https:\/\/api.w.org\/{rel}","templated":true}]}}